{"id":21105,"date":"2022-04-26T10:39:56","date_gmt":"2022-04-26T08:39:56","guid":{"rendered":"podlove-2022-04-26t08:37:40+00:00-4e77d49094589cb"},"modified":"2022-04-26T11:21:38","modified_gmt":"2022-04-26T09:21:38","slug":"2-im-interview-anna-pointner","status":"publish","type":"podcast","link":"https:\/\/www.composites-united.com\/en\/2-im-interview-anna-pointner\/","title":{"rendered":"#2 Im Interview \u2013 Anna Pointner"},"content":{"rendered":"\n<br>\n<br>\n\n    \n            <div class=\"podlove-web-player intrinsic-ignore podlove-web-player-loading\" id=\"player-6a9c3f091c03f\"><root data-test=\"player--xl\" style=\"max-width:950px;min-width:260px;\">\n  <div class=\"tablet:px-6 tablet:pt-6 mobile:px-4 mobile:pt-4 flex flex-col\">\n    <div class=\"flex-col items-center mobile:flex tablet:hidden\">\n      <show-title class=\"text-sm\"><\/show-title>\n      <episode-title class=\"text-base mb-2\"><\/episode-title>\n      <subscribe-button class=\"mb-4 mobile:flex tablet:hidden\"><\/subscribe-button>\n      <poster class=\"rounded-sm w-48 shadow overflow-hidden\"><\/poster>\n      <divider class=\"w-full my-6\"><\/divider>\n    <\/div>\n\n    <div class=\"tablet:flex flex-grow\">\n      <div class=\"w-64 mobile:hidden tablet:block tablet:mr-6\">\n        <poster class=\"rounded-sm shadow overflow-hidden\"><\/poster>\n      <\/div>\n      <div class=\"w-full\">\n        <div class=\"hidden tablet:block\">\n          <show-title class=\"text-base\"><\/show-title>\n          <episode-title class=\"text-xl desktop:text-2xl\"><\/episode-title>\n          <divider class=\"w-full my-4\"><\/divider>\n        <\/div>\n        <div class=\"flex items-center justify-between\">\n          <div class=\"block\">\n            <play-state on=\"active\">\n              <speed-control class=\"flex items-center\"><\/speed-control>\n            <\/play-state>\n          <\/div>\n\n          <div class=\"flex\">\n            <play-state on=\"active\">\n              <chapter-previous class=\"mx-2 block\"><\/chapter-previous>\n            <\/play-state>\n            <play-state on=\"active\">\n              <step-backward class=\"mx-2 block\"><\/step-backward>\n            <\/play-state>\n\n            <play-button class=\"mx-2 block\" :label=\"$t('PLAYER.PLAY_EPISODE')\"><\/play-button>\n\n            <play-state on=\"active\">\n              <step-forward class=\"mx-2 block\"><\/step-forward>\n            <\/play-state>\n            <play-state on=\"active\">\n              <chapter-next class=\"mx-2 block\"><\/chapter-next>\n            <\/play-state>\n          <\/div>\n\n          <div class=\"block\">\n            <play-state on=\"active\">\n              <volume-control class=\"flex items-center\"><\/volume-control>\n            <\/play-state>\n          <\/div>\n        <\/div>\n        <div class=\"flex w-full\">\n          <progress-bar><\/progress-bar>\n        <\/div>\n        <div class=\"flex w-full -mt-2\">\n          <div class=\"w-3\/12 text-left\">\n            <timer-current class=\"text-sm\"><\/timer-current>\n          <\/div>\n          <div class=\"w-6\/12 text-center truncate\">\n            <play-state on=\"active\">\n              <current-chapter class=\"text-sm\"><\/current-chapter>\n            <\/play-state>\n          <\/div>\n          <div class=\"w-3\/12 text-right\">\n            <timer-duration class=\"text-sm\"><\/timer-duration>\n          <\/div>\n        <\/div>\n      <\/div>\n    <\/div>\n    <divider class=\"w-full mt-6 mb-3\"><\/divider>\n    <div class=\"flex justify-between\">\n      <div class=\"flex mobile:w-full tablet:w-3\/12 desktop:w-3\/12 justify-between\">\n        <tab-trigger tab=\"chapters\">\n          <icon type=\"chapter\"><\/icon>\n        <\/tab-trigger>\n        <tab-trigger tab=\"transcripts\">\n          <icon type=\"transcripts\"><\/icon>\n        <\/tab-trigger>\n        <tab-trigger tab=\"files\">\n          <icon type=\"download\"><\/icon>\n        <\/tab-trigger>\n        <tab-trigger tab=\"playlist\">\n          <icon type=\"playlist\"><\/icon>\n        <\/tab-trigger>\n        <tab-trigger tab=\"share\">\n          <icon type=\"share\"><\/icon>\n        <\/tab-trigger>\n      <\/div>\n      <subscribe-button class=\"mt-1 mobile:hidden tablet:flex\"><\/subscribe-button>\n    <\/div>\n  <\/div>\n  <div class=\"w-full relative overflow-hidden\">\n    <tab name=\"chapters\">\n      <tab-chapters><\/tab-chapters>\n    <\/tab>\n    <tab name=\"transcripts\">\n      <tab-transcripts><\/tab-transcripts>\n    <\/tab>\n    <tab name=\"files\">\n      <tab-files><\/tab-files>\n    <\/tab>\n    <tab name=\"playlist\">\n      <tab-playlist><\/tab-playlist>\n    <\/tab>\n    <tab name=\"share\">\n      <tab-share><\/tab-share>\n    <\/tab>\n    <tab-overflow><\/tab-overflow>\n  <\/div>\n  <error><\/error>\n<\/root>\n<\/div>\n            <script>\n              document.addEventListener(\"DOMContentLoaded\", function() {\n                var player = document.getElementById(\"player-6a9c3f091c03f\");\n                podlovePlayerCache.add([{\"url\":\"https:\\\/\\\/www.composites-united.com\\\/en\\\/wp-json\\\/podlove-web-player\\\/shortcode\\\/publisher\\\/21105\",\"data\":{\"version\":5,\"show\":{\"title\":\"CU people\",\"subtitle\":\"Der Podcast des Composites United e. V.\",\"summary\":\"\\\"CU people\\\" ist die Podcast-Reihe des Composites United e.V. (CU)\\r\\nThomas Heber spricht mit den Menschen, die durch ihr besonderes Engagement das CU-Netzwerk ma\\u00dfgeblich pr\\u00e4gen und voranbringen. \\r\\nAngefangen bei den Mitgliedern des CU-Pr\\u00e4sidiums werden uns diese besonderen Menschen hier sicher niemals ausgehen ...\",\"poster\":\"https:\\\/\\\/www.composites-united.com\\\/wp-content\\\/cache\\\/podlove\\\/ee\\\/ec8357daec8f135cc8eaa57488da72\\\/cu-people_500x.jpg\",\"link\":\"https:\\\/\\\/www.composites-united.com\\\/en\\\/\"},\"title\":\"#2 Im Interview \\u2013 Anna Pointner\",\"subtitle\":\"\",\"summary\":\"In der zweiten Episode unseres Podcasts CU people spricht Thomas Heber mit Anna Pointner.\\r\\n\\r\\nNach ihrem Studium in International Business Administration war und ist sie - mit einigen Abstechern - seit vielen Jahren f\\u00fcr die Firma Voith t\\u00e4tig. Seit Juli 2021 ist Anna Pointner CEO bei Voith Composites in Garching bei M\\u00fcnchen, einem Anbieter von Hightech-Faserverbundprodukten f\\u00fcr etwa den Maschinenbau und die Automobilindustrie.\\r\\n\\r\\nWir freuen uns sehr, dass Anna Pointner im Herbst 2021 ins CU-Pr\\u00e4sidium gew\\u00e4hlt wurde und sich im Netzwerk zuk\\u00fcnftig den Themen Nachhaltigkeit, Werte f\\u00fcr CU-Mitglieder sowie Industrialisierung und Digitalisierung widmen m\\u00f6chte.\\r\\n\\r\\nWer in der ersten Maiwoche zur JEC World in Paris weilt, der kann Anna Pointner auf dem Messestand von Voith Composites in Halle 6 \\\/ U37 treffen. \\r\\nViel Spa\\u00df beim H\\u00f6ren!\",\"publicationDate\":\"2022-04-26T10:39:56+02:00\",\"duration\":\"00:19:08.328\",\"poster\":\"https:\\\/\\\/www.composites-united.com\\\/wp-content\\\/cache\\\/podlove\\\/9b\\\/734e8e2078b7d346c2cbfbe5273a10\\\/2-im-interview-anna-pointner_500x.jpg\",\"link\":\"https:\\\/\\\/www.composites-united.com\\\/en\\\/2-im-interview-anna-pointner\\\/\",\"chapters\":[],\"audio\":[{\"url\":\"https:\\\/\\\/www.composites-united.com\\\/en\\\/podlove\\\/file\\\/10\\\/s\\\/webplayer\\\/c\\\/website\\\/CU-People_Pointner_final.mp3\",\"size\":\"11415924\",\"title\":\"MP3 Audio (mp3)\",\"mimeType\":\"audio\\\/mpeg\"}],\"files\":[{\"url\":\"https:\\\/\\\/www.composites-united.com\\\/en\\\/podlove\\\/file\\\/10\\\/s\\\/webplayer\\\/CU-People_Pointner_final.mp3\",\"size\":\"11415924\",\"title\":\"MP3 Audio\",\"mimeType\":\"audio\\\/mpeg\"},{\"url\":\"https:\\\/\\\/www.composites-united.com\\\/en\\\/podlove\\\/file\\\/11\\\/s\\\/webplayer\\\/CU-People_Pointner_final.mp3\",\"size\":\"11415924\",\"title\":\"MP3 Audio\",\"mimeType\":\"audio\\\/mpeg\"}]}}, {\"url\":\"https:\\\/\\\/www.composites-united.com\\\/en\\\/wp-json\\\/podlove-web-player\\\/shortcode\\\/config\\\/default\\\/theme\\\/default\",\"data\":{\"activeTab\":null,\"subscribe-button\":null,\"share\":{\"channels\":[\"facebook\",\"twitter\",\"whats-app\",\"linkedin\",\"pinterest\",\"xing\",\"mail\",\"link\"],\"outlet\":\"https:\\\/\\\/www.composites-united.com\\\/wp-content\\\/plugins\\\/podlove-web-player\\\/web-player\\\/share.html\",\"sharePlaytime\":true},\"related-episodes\":{\"source\":\"podcast\",\"value\":null},\"version\":5,\"playlist\":\"https:\\\/\\\/www.composites-united.com\\\/en\\\/wp-json\\\/podlove-web-player\\\/shortcode\\\/podcast\",\"theme\":{\"tokens\":{\"brand\":\"#E94e24\",\"brandDark\":\"#002b51\",\"brandDarkest\":\"#E94e24\",\"brandLightest\":\"#e1e1e1\",\"shadeDark\":\"#54595f\",\"shadeBase\":\"#7a7a7a\",\"contrast\":\"#002b51\",\"alt\":\"#fff\"},\"fonts\":{\"ci\":{\"name\":\"ci\",\"family\":[\"Montserrat\",\"-apple-system\",\"BlinkMacSystemFont\",\"Segoe UI\",\"Roboto\",\"Helvetica\",\"Arial\",\"sans-serif\",\"Apple Color Emoji\",\"Segoe UI Emoji\\\", \\\"Segoe UI Symbol\"],\"src\":[],\"weight\":800},\"regular\":{\"name\":\"regular\",\"family\":[\"-apple-system\",\"BlinkMacSystemFont\",\"Segoe UI\",\"Roboto\",\"Helvetica\",\"Arial\",\"sans-serif\",\"Apple Color Emoji\",\"Segoe UI Emoji\\\", \\\"Segoe UI Symbol\"],\"src\":[],\"weight\":300},\"bold\":{\"name\":\"bold\",\"family\":[\"-apple-system\",\"BlinkMacSystemFont\",\"Segoe UI\",\"Roboto\",\"Helvetica\",\"Arial\",\"sans-serif\",\"Apple Color Emoji\",\"Segoe UI Emoji\\\", \\\"Segoe UI Symbol\"],\"src\":[],\"weight\":700}}},\"base\":\"https:\\\/\\\/www.composites-united.com\\\/wp-content\\\/plugins\\\/podlove-web-player\\\/web-player\\\/\"}}]);\n                podlovePlayer(player, \"https:\/\/www.composites-united.com\/en\/wp-json\/podlove-web-player\/shortcode\/publisher\/21105\", \"https:\/\/www.composites-united.com\/en\/wp-json\/podlove-web-player\/shortcode\/config\/default\/theme\/default\").then(function() {\n                  player && player.classList.remove(\"podlove-web-player-loading\");\n                });\n              });\n            <\/script>\n            <style>\n              .podlove-web-player.podlove-web-player-loading {\n                opacity: 0;\n              }\n            <\/style>\n        \n\n\n\n<p>In der zweiten Episode unseres Podcasts CU people spricht Thomas Heber mit Anna Pointner.<\/p>\n<p>Nach ihrem Studium in International Business Administration war und ist sie &#8211; mit einigen Abstechern &#8211; seit vielen Jahren f\u00fcr die Firma Voith t\u00e4tig. Seit Juli 2021 ist Anna Pointner CEO bei Voith Composites in Garching bei M\u00fcnchen, einem Anbieter von Hightech-Faserverbundprodukten f\u00fcr etwa den Maschinenbau und die Automobilindustrie.<\/p>\n<p>Wir freuen uns sehr, dass Anna Pointner im Herbst 2021 ins CU-Pr\u00e4sidium gew\u00e4hlt wurde und sich im Netzwerk zuk\u00fcnftig den Themen Nachhaltigkeit, Werte f\u00fcr CU-Mitglieder sowie Industrialisierung und Digitalisierung widmen m\u00f6chte.<\/p>\n<p>Wer in der ersten Maiwoche zur JEC World in Paris weilt, der kann Anna Pointner auf dem Messestand von Voith Composites in Halle 6 \/ U37 treffen. Wir w\u00fcnschen Ihnen jetzt aber erstmal viel Spa\u00df beim H\u00f6ren!<\/p>\n","protected":false},"author":5,"featured_media":21106,"comment_status":"open","ping_status":"open","template":"","meta":{"_acf_changed":false,"footnotes":""},"categories":[],"tags":[],"class_list":["post-21105","podcast","type-podcast","status-publish","has-post-thumbnail","hentry","post"],"acf":[],"aioseo_notices":[],"aioseo_head":"\n\t\t<!-- All in One SEO 5.0.0.1 - aioseo.com -->\n\t<meta name=\"robots\" content=\"max-image-preview:large\" \/>\n\t<meta name=\"author\" content=\"Julia Konrad\"\/>\n\t<link rel=\"canonical\" href=\"https:\/\/www.composites-united.com\/en\/2-im-interview-anna-pointner\/\" \/>\n\t<meta name=\"generator\" content=\"All in One SEO (AIOSEO) 5.0.0.1\" \/>\n\t\t<meta property=\"og:locale\" content=\"en_US\" \/>\n\t\t<meta property=\"og:site_name\" content=\"Composites United e.V.\" \/>\n\t\t<meta property=\"og:type\" content=\"article\" \/>\n\t\t<meta property=\"og:title\" content=\"#2 Im Interview \u2013 Anna Pointner | Composites United e.V.\" \/>\n\t\t<meta property=\"og:url\" content=\"https:\/\/www.composites-united.com\/en\/2-im-interview-anna-pointner\/\" \/>\n\t\t<meta property=\"og:image\" content=\"https:\/\/www.composites-united.com\/wp-content\/uploads\/2020\/04\/opengraph.png\" \/>\n\t\t<meta property=\"og:image:secure_url\" content=\"https:\/\/www.composites-united.com\/wp-content\/uploads\/2020\/04\/opengraph.png\" \/>\n\t\t<meta property=\"og:image:width\" content=\"1920\" \/>\n\t\t<meta property=\"og:image:height\" content=\"1206\" \/>\n\t\t<meta property=\"article:published_time\" content=\"2022-04-26T08:39:56+00:00\" \/>\n\t\t<meta property=\"article:modified_time\" content=\"2022-04-26T09:21:38+00:00\" \/>\n\t\t<meta property=\"article:publisher\" content=\"http:\/\/CarbonComposites.eu\" \/>\n\t\t<meta name=\"twitter:card\" content=\"summary_large_image\" \/>\n\t\t<meta name=\"twitter:site\" content=\"@CarbonComposit1\" \/>\n\t\t<meta name=\"twitter:title\" content=\"#2 Im Interview \u2013 Anna Pointner | Composites United e.V.\" \/>\n\t\t<meta name=\"twitter:creator\" content=\"@CarbonComposit1\" \/>\n\t\t<meta name=\"twitter:image\" content=\"https:\/\/www.composites-united.com\/wp-content\/uploads\/2020\/04\/opengraph.png\" \/>\n\t\t<script type=\"application\/ld+json\" class=\"aioseo-schema\">\n\t\t\t{\"@context\":\"https:\\\/\\\/schema.org\",\"@graph\":[{\"@type\":\"BreadcrumbList\",\"@id\":\"https:\\\/\\\/www.composites-united.com\\\/en\\\/2-im-interview-anna-pointner\\\/#breadcrumblist\",\"itemListElement\":[{\"@type\":\"ListItem\",\"@id\":\"https:\\\/\\\/www.composites-united.com\\\/en\\\/#listItem\",\"position\":1,\"name\":\"Home\",\"item\":\"https:\\\/\\\/www.composites-united.com\\\/en\\\/\",\"nextItem\":{\"@type\":\"ListItem\",\"@id\":\"https:\\\/\\\/www.composites-united.com\\\/en\\\/podcast\\\/#listItem\",\"name\":\"Episodes\"}},{\"@type\":\"ListItem\",\"@id\":\"https:\\\/\\\/www.composites-united.com\\\/en\\\/podcast\\\/#listItem\",\"position\":2,\"name\":\"Episodes\",\"item\":\"https:\\\/\\\/www.composites-united.com\\\/en\\\/podcast\\\/\",\"nextItem\":{\"@type\":\"ListItem\",\"@id\":\"https:\\\/\\\/www.composites-united.com\\\/en\\\/2-im-interview-anna-pointner\\\/#listItem\",\"name\":\"#2 Im Interview \\u2013 Anna Pointner\"},\"previousItem\":{\"@type\":\"ListItem\",\"@id\":\"https:\\\/\\\/www.composites-united.com\\\/en\\\/#listItem\",\"name\":\"Home\"}},{\"@type\":\"ListItem\",\"@id\":\"https:\\\/\\\/www.composites-united.com\\\/en\\\/2-im-interview-anna-pointner\\\/#listItem\",\"position\":3,\"name\":\"#2 Im Interview \\u2013 Anna Pointner\",\"previousItem\":{\"@type\":\"ListItem\",\"@id\":\"https:\\\/\\\/www.composites-united.com\\\/en\\\/podcast\\\/#listItem\",\"name\":\"Episodes\"}}]},{\"@type\":\"Organization\",\"@id\":\"https:\\\/\\\/www.composites-united.com\\\/en\\\/#organization\",\"name\":\"Composites United e.V.\",\"description\":\"Das Netzwerk\",\"url\":\"https:\\\/\\\/www.composites-united.com\\\/en\\\/\",\"logo\":{\"@type\":\"ImageObject\",\"url\":\"https:\\\/\\\/www.composites-united.com\\\/wp-content\\\/uploads\\\/2020\\\/01\\\/cu_logo_invers_icon.png\",\"@id\":\"https:\\\/\\\/www.composites-united.com\\\/en\\\/2-im-interview-anna-pointner\\\/#organizationLogo\",\"width\":500,\"height\":280},\"image\":{\"@id\":\"https:\\\/\\\/www.composites-united.com\\\/en\\\/2-im-interview-anna-pointner\\\/#organizationLogo\"},\"sameAs\":[\"http:\\\/\\\/CarbonComposites.eu\",\"https:\\\/\\\/twitter.com\\\/CarbonComposit1\"]},{\"@type\":\"Person\",\"@id\":\"https:\\\/\\\/www.composites-united.com\\\/en\\\/author\\\/jkonradcu\\\/#author\",\"url\":\"https:\\\/\\\/www.composites-united.com\\\/en\\\/author\\\/jkonradcu\\\/\",\"name\":\"Julia Konrad\",\"image\":{\"@type\":\"ImageObject\",\"@id\":\"https:\\\/\\\/www.composites-united.com\\\/en\\\/2-im-interview-anna-pointner\\\/#authorImage\",\"url\":\"https:\\\/\\\/secure.gravatar.com\\\/avatar\\\/4a24ce5e4ff2ea98a7e0a8a901ef7a46d6081aef333aff23af59652d26976c6d?s=96&d=mm&r=g\",\"width\":96,\"height\":96,\"caption\":\"Julia Konrad\"}},{\"@type\":\"WebPage\",\"@id\":\"https:\\\/\\\/www.composites-united.com\\\/en\\\/2-im-interview-anna-pointner\\\/#webpage\",\"url\":\"https:\\\/\\\/www.composites-united.com\\\/en\\\/2-im-interview-anna-pointner\\\/\",\"name\":\"#2 Im Interview \\u2013 Anna Pointner | Composites United e.V.\",\"inLanguage\":\"en-US\",\"isPartOf\":{\"@id\":\"https:\\\/\\\/www.composites-united.com\\\/en\\\/#website\"},\"breadcrumb\":{\"@id\":\"https:\\\/\\\/www.composites-united.com\\\/en\\\/2-im-interview-anna-pointner\\\/#breadcrumblist\"},\"author\":{\"@id\":\"https:\\\/\\\/www.composites-united.com\\\/en\\\/author\\\/jkonradcu\\\/#author\"},\"creator\":{\"@id\":\"https:\\\/\\\/www.composites-united.com\\\/en\\\/author\\\/jkonradcu\\\/#author\"},\"image\":{\"@type\":\"ImageObject\",\"url\":\"https:\\\/\\\/www.composites-united.com\\\/wp-content\\\/uploads\\\/2022\\\/04\\\/CU-people-Pointner.jpg\",\"@id\":\"https:\\\/\\\/www.composites-united.com\\\/en\\\/2-im-interview-anna-pointner\\\/#mainImage\",\"width\":1512,\"height\":850},\"primaryImageOfPage\":{\"@id\":\"https:\\\/\\\/www.composites-united.com\\\/en\\\/2-im-interview-anna-pointner\\\/#mainImage\"},\"datePublished\":\"2022-04-26T10:39:56+02:00\",\"dateModified\":\"2022-04-26T11:21:38+02:00\"},{\"@type\":\"WebSite\",\"@id\":\"https:\\\/\\\/www.composites-united.com\\\/en\\\/#website\",\"url\":\"https:\\\/\\\/www.composites-united.com\\\/en\\\/\",\"name\":\"Composites United e.V.\",\"description\":\"Das Netzwerk\",\"inLanguage\":\"en-US\",\"publisher\":{\"@id\":\"https:\\\/\\\/www.composites-united.com\\\/en\\\/#organization\"}}]}\n\t\t<\/script>\n\t\t<!-- All in One SEO -->\n\n","aioseo_head_json":{"title":"#2 Im Interview \u2013 Anna Pointner | Composites United e.V.","description":"","canonical_url":"https:\/\/www.composites-united.com\/en\/2-im-interview-anna-pointner\/","robots":"max-image-preview:large","keywords":"","webmasterTools":{"miscellaneous":""},"schema":{"@context":"https:\/\/schema.org","@graph":[{"@type":"BreadcrumbList","@id":"https:\/\/www.composites-united.com\/en\/2-im-interview-anna-pointner\/#breadcrumblist","itemListElement":[{"@type":"ListItem","@id":"https:\/\/www.composites-united.com\/en\/#listItem","position":1,"name":"Home","item":"https:\/\/www.composites-united.com\/en\/","nextItem":{"@type":"ListItem","@id":"https:\/\/www.composites-united.com\/en\/podcast\/#listItem","name":"Episodes"}},{"@type":"ListItem","@id":"https:\/\/www.composites-united.com\/en\/podcast\/#listItem","position":2,"name":"Episodes","item":"https:\/\/www.composites-united.com\/en\/podcast\/","nextItem":{"@type":"ListItem","@id":"https:\/\/www.composites-united.com\/en\/2-im-interview-anna-pointner\/#listItem","name":"#2 Im Interview \u2013 Anna Pointner"},"previousItem":{"@type":"ListItem","@id":"https:\/\/www.composites-united.com\/en\/#listItem","name":"Home"}},{"@type":"ListItem","@id":"https:\/\/www.composites-united.com\/en\/2-im-interview-anna-pointner\/#listItem","position":3,"name":"#2 Im Interview \u2013 Anna Pointner","previousItem":{"@type":"ListItem","@id":"https:\/\/www.composites-united.com\/en\/podcast\/#listItem","name":"Episodes"}}]},{"@type":"Organization","@id":"https:\/\/www.composites-united.com\/en\/#organization","name":"Composites United e.V.","description":"Das Netzwerk","url":"https:\/\/www.composites-united.com\/en\/","logo":{"@type":"ImageObject","url":"https:\/\/www.composites-united.com\/wp-content\/uploads\/2020\/01\/cu_logo_invers_icon.png","@id":"https:\/\/www.composites-united.com\/en\/2-im-interview-anna-pointner\/#organizationLogo","width":500,"height":280},"image":{"@id":"https:\/\/www.composites-united.com\/en\/2-im-interview-anna-pointner\/#organizationLogo"},"sameAs":["http:\/\/CarbonComposites.eu","https:\/\/twitter.com\/CarbonComposit1"]},{"@type":"Person","@id":"https:\/\/www.composites-united.com\/en\/author\/jkonradcu\/#author","url":"https:\/\/www.composites-united.com\/en\/author\/jkonradcu\/","name":"Julia Konrad","image":{"@type":"ImageObject","@id":"https:\/\/www.composites-united.com\/en\/2-im-interview-anna-pointner\/#authorImage","url":"https:\/\/secure.gravatar.com\/avatar\/4a24ce5e4ff2ea98a7e0a8a901ef7a46d6081aef333aff23af59652d26976c6d?s=96&d=mm&r=g","width":96,"height":96,"caption":"Julia Konrad"}},{"@type":"WebPage","@id":"https:\/\/www.composites-united.com\/en\/2-im-interview-anna-pointner\/#webpage","url":"https:\/\/www.composites-united.com\/en\/2-im-interview-anna-pointner\/","name":"#2 Im Interview \u2013 Anna Pointner | Composites United e.V.","inLanguage":"en-US","isPartOf":{"@id":"https:\/\/www.composites-united.com\/en\/#website"},"breadcrumb":{"@id":"https:\/\/www.composites-united.com\/en\/2-im-interview-anna-pointner\/#breadcrumblist"},"author":{"@id":"https:\/\/www.composites-united.com\/en\/author\/jkonradcu\/#author"},"creator":{"@id":"https:\/\/www.composites-united.com\/en\/author\/jkonradcu\/#author"},"image":{"@type":"ImageObject","url":"https:\/\/www.composites-united.com\/wp-content\/uploads\/2022\/04\/CU-people-Pointner.jpg","@id":"https:\/\/www.composites-united.com\/en\/2-im-interview-anna-pointner\/#mainImage","width":1512,"height":850},"primaryImageOfPage":{"@id":"https:\/\/www.composites-united.com\/en\/2-im-interview-anna-pointner\/#mainImage"},"datePublished":"2022-04-26T10:39:56+02:00","dateModified":"2022-04-26T11:21:38+02:00"},{"@type":"WebSite","@id":"https:\/\/www.composites-united.com\/en\/#website","url":"https:\/\/www.composites-united.com\/en\/","name":"Composites United e.V.","description":"Das Netzwerk","inLanguage":"en-US","publisher":{"@id":"https:\/\/www.composites-united.com\/en\/#organization"}}]},"og:locale":"en_US","og:site_name":"Composites United e.V.","og:type":"article","og:title":"#2 Im Interview \u2013 Anna Pointner | Composites United e.V.","og:url":"https:\/\/www.composites-united.com\/en\/2-im-interview-anna-pointner\/","og:image":"https:\/\/www.composites-united.com\/wp-content\/uploads\/2020\/04\/opengraph.png","og:image:secure_url":"https:\/\/www.composites-united.com\/wp-content\/uploads\/2020\/04\/opengraph.png","og:image:width":1920,"og:image:height":1206,"article:published_time":"2022-04-26T08:39:56+00:00","article:modified_time":"2022-04-26T09:21:38+00:00","article:publisher":"http:\/\/CarbonComposites.eu","twitter:card":"summary_large_image","twitter:site":"@CarbonComposit1","twitter:title":"#2 Im Interview \u2013 Anna Pointner | Composites United e.V.","twitter:creator":"@CarbonComposit1","twitter:image":"https:\/\/www.composites-united.com\/wp-content\/uploads\/2020\/04\/opengraph.png"},"aioseo_meta_data":{"post_id":"21105","title":null,"description":null,"keywords":[],"keyphrases":{"focus":{"keyphrase":"","score":0,"analysis":{"keyphraseInTitle":{"score":0,"maxScore":9,"error":1}}},"additional":[]},"primary_term":null,"canonical_url":null,"og_title":null,"og_description":null,"og_object_type":"default","og_image_type":"default","og_image_url":null,"og_image_width":null,"og_image_height":null,"og_image_custom_url":null,"og_image_custom_fields":null,"og_video":"","og_custom_url":null,"og_article_section":null,"og_article_tags":[],"twitter_use_og":false,"twitter_card":"default","twitter_image_type":"default","twitter_image_url":null,"twitter_image_custom_url":null,"twitter_image_custom_fields":null,"twitter_title":null,"twitter_description":null,"schema":{"blockGraphs":[],"customGraphs":[],"default":{"data":{"Article":[],"Course":[],"Dataset":[],"FAQPage":[],"Movie":[],"Person":[],"Product":[],"ProductReview":[],"Car":[],"Recipe":[],"Service":[],"SoftwareApplication":[],"WebPage":{"id":"aioseo-web-page-635aec6906a48","slug":"web-page","graphName":"WebPage","label":"Web Page","properties":{"type":"WebPage","name":"","description":""}}},"graphName":"WebPage","isEnabled":true},"graphs":[]},"schema_type":"default","schema_type_options":"{\"article\":{\"articleType\":\"BlogPosting\"},\"course\":{\"name\":\"\",\"description\":\"\",\"provider\":\"\"},\"faq\":{\"pages\":[]},\"product\":{\"reviews\":[]},\"recipe\":{\"ingredients\":[],\"instructions\":[],\"keywords\":[]},\"software\":{\"reviews\":[],\"operatingSystems\":[]},\"webPage\":{\"webPageType\":\"WebPage\"}}","pillar_content":false,"robots_default":true,"robots_noindex":false,"robots_noarchive":false,"robots_nosnippet":false,"robots_nofollow":false,"robots_noimageindex":false,"robots_noodp":false,"robots_notranslate":false,"robots_max_snippet":"-1","robots_max_videopreview":"-1","robots_max_imagepreview":"large","priority":null,"frequency":"default","location":null,"local_seo":null,"limit_modified_date":false,"created":"2022-04-26 08:37:40","updated":"2022-10-27 20:39:05","ai":null,"breadcrumb_settings":null,"seo_analyzer_scan_date":null,"focus_keyword":null,"additional_keywords":null,"truseo_locale":null},"aioseo_breadcrumb":"<div class=\"aioseo-breadcrumbs\"><span class=\"aioseo-breadcrumb\">\n\t\t\t<a href=\"https:\/\/www.composites-united.com\/en\/\" title=\"Home\">Home<\/a>\n\t\t<\/span><span class=\"aioseo-breadcrumb-separator\">&raquo;<\/span><span class=\"aioseo-breadcrumb\">\n\t\t\t<a href=\"https:\/\/www.composites-united.com\/en\/podcast\/\" title=\"Episodes\">Episodes<\/a>\n\t\t<\/span><span class=\"aioseo-breadcrumb-separator\">&raquo;<\/span><span class=\"aioseo-breadcrumb\">\n\t\t\t#2 Im Interview \u2013 Anna Pointner\n\t\t<\/span><\/div>","aioseo_breadcrumb_json":[{"label":"Home","link":"https:\/\/www.composites-united.com\/en\/"},{"label":"Episodes","link":"https:\/\/www.composites-united.com\/en\/podcast\/"},{"label":"#2 Im Interview \u2013 Anna Pointner","link":"https:\/\/www.composites-united.com\/en\/2-im-interview-anna-pointner\/"}],"_links":{"self":[{"href":"https:\/\/www.composites-united.com\/en\/wp-json\/wp\/v2\/episodes\/21105","targetHints":{"allow":["GET"]}}],"collection":[{"href":"https:\/\/www.composites-united.com\/en\/wp-json\/wp\/v2\/episodes"}],"about":[{"href":"https:\/\/www.composites-united.com\/en\/wp-json\/wp\/v2\/types\/podcast"}],"author":[{"embeddable":true,"href":"https:\/\/www.composites-united.com\/en\/wp-json\/wp\/v2\/users\/5"}],"replies":[{"embeddable":true,"href":"https:\/\/www.composites-united.com\/en\/wp-json\/wp\/v2\/comments?post=21105"}],"version-history":[{"count":3,"href":"https:\/\/www.composites-united.com\/en\/wp-json\/wp\/v2\/episodes\/21105\/revisions"}],"predecessor-version":[{"id":21110,"href":"https:\/\/www.composites-united.com\/en\/wp-json\/wp\/v2\/episodes\/21105\/revisions\/21110"}],"wp:featuredmedia":[{"embeddable":true,"href":"https:\/\/www.composites-united.com\/en\/wp-json\/wp\/v2\/media\/21106"}],"wp:attachment":[{"href":"https:\/\/www.composites-united.com\/en\/wp-json\/wp\/v2\/media?parent=21105"}],"wp:term":[{"taxonomy":"category","embeddable":true,"href":"https:\/\/www.composites-united.com\/en\/wp-json\/wp\/v2\/categories?post=21105"},{"taxonomy":"post_tag","embeddable":true,"href":"https:\/\/www.composites-united.com\/en\/wp-json\/wp\/v2\/tags?post=21105"}],"curies":[{"name":"wp","href":"https:\/\/api.w.org\/{rel}","templated":true}]}}